{"id":3653,"date":"2019-12-24T17:39:27","date_gmt":"2019-12-24T17:39:27","guid":{"rendered":"https:\/\/florence-boisson.fr\/artiste-photographe-photos-photographie-d-art\/?post_type=portfolio&#038;p=3653"},"modified":"2021-01-11T09:32:56","modified_gmt":"2021-01-11T09:32:56","slug":"galerie-photos-artistiques-rencontre-avec-le-vent-voiles-noir-et-blanc","status":"publish","type":"portfolio","link":"https:\/\/florence-boisson.fr\/artiste-photographe-photo-photographie-d-art-femme-expression-corporelle\/galeries\/galerie-photos-artistiques-rencontre-avec-le-vent-voiles-noir-et-blanc\/","title":{"rendered":"Rencontre avec le vent <br\/>(2 voiles)"},"content":{"rendered":"<div class=\"wpb-content-wrapper\"><p>[vc_row row_height_percent=\u00a0\u00bb0&Prime; overlay_alpha=\u00a0\u00bb50&Prime; equal_height=\u00a0\u00bbyes\u00a0\u00bb gutter_size=\u00a0\u00bb3&Prime; column_width_percent=\u00a0\u00bb100&Prime; shift_y=\u00a0\u00bb0&Prime; z_index=\u00a0\u00bb0&Prime;][vc_column width=\u00a0\u00bb2\/3&Prime;][vc_single_image media=\u00a0\u00bb3657&Prime; media_width_percent=\u00a0\u00bb100&Prime;][\/vc_column][vc_column column_width_percent=\u00a0\u00bb100&Prime; gutter_size=\u00a0\u00bb1&Prime; style=\u00a0\u00bblight\u00a0\u00bb font_family=\u00a0\u00bbfont-278847&Prime; back_color=\u00a0\u00bbcolor-543384&Prime; overlay_alpha=\u00a0\u00bb50&Prime; shift_x=\u00a0\u00bb0&Prime; shift_y=\u00a0\u00bb0&Prime; shift_y_down=\u00a0\u00bb0&Prime; z_index=\u00a0\u00bb0&Prime; medium_width=\u00a0\u00bb0&Prime; mobile_width=\u00a0\u00bb0&Prime; width=\u00a0\u00bb1\/3&Prime;][vc_custom_heading heading_semantic=\u00a0\u00bbh1&Prime; text_size=\u00a0\u00bbh4&Prime; text_weight=\u00a0\u00bb200&Prime; text_transform=\u00a0\u00bbuppercase\u00a0\u00bb text_space=\u00a0\u00bbfontspace-112111&Prime; text_color=\u00a0\u00bbcolor-821730&Prime; sub_lead=\u00a0\u00bbyes\u00a0\u00bb sub_reduced=\u00a0\u00bbyes\u00a0\u00bb]Galerie photos d\u2019art[\/vc_custom_heading][vc_empty_space empty_h=\u00a0\u00bb1&Prime;][vc_custom_heading text_size=\u00a0\u00bbh1&Prime; text_weight=\u00a0\u00bb400&Prime; text_transform=\u00a0\u00bbuppercase\u00a0\u00bb text_color=\u00a0\u00bbcolor-jevc\u00a0\u00bb sub_lead=\u00a0\u00bbyes\u00a0\u00bb sub_reduced=\u00a0\u00bbyes\u00a0\u00bb]Rencontre<br \/>\navec le vent[\/vc_custom_heading][vc_custom_heading heading_semantic=\u00a0\u00bbh3&Prime; text_font=\u00a0\u00bbfont-111477&Prime; text_weight=\u00a0\u00bb400&Prime; text_italic=\u00a0\u00bbyes\u00a0\u00bb text_color=\u00a0\u00bbcolor-821730&Prime; sub_lead=\u00a0\u00bbyes\u00a0\u00bb sub_reduced=\u00a0\u00bbyes\u00a0\u00bb](2 voiles)[\/vc_custom_heading][vc_empty_space empty_h=\u00a0\u00bb1&Prime;][vc_column_text]Vent<br \/>\nBeaut\u00e9 d\u00e9rob\u00e9e par sa transparence<br \/>\nPliss\u00e9s invisibles<\/p>\n<p>Robe sans corps<br \/>\nEsprits<\/p>\n<p>Corps \u00e0 la d\u00e9rive de l\u2019invisible<\/p>\n<p>Vent<br \/>\nEspace cr\u00e9\u00e9 dans sa force g\u00e9n\u00e9reuse<br \/>\nExpansion immat\u00e9rielle<\/p>\n<p>Voile de joie,<br \/>\nVoile d\u2019amour<br \/>\nVoile de deuil<br \/>\nVent, terre, danse<br \/>\n[\/vc_column_text][\/vc_column][\/vc_row][vc_row][vc_column][vc_gallery el_id=\u00a0\u00bbgallery-137273&Prime; isotope_mode=\u00a0\u00bbfitRows\u00a0\u00bb medias=\u00a0\u00bb3654,3655,3656,3657,3658,3659,3660,3661,3662,3664,3665,3666,3667,3668&Prime; gutter_size=\u00a0\u00bb3&Prime; screen_lg=\u00a0\u00bb1000&Prime; screen_md=\u00a0\u00bb600&Prime; screen_sm=\u00a0\u00bb480&Prime; single_overlay_opacity=\u00a0\u00bb50&Prime; single_padding=\u00a0\u00bb2&Prime;][\/vc_column][\/vc_row][vc_row row_height_percent=\u00a0\u00bb0&Prime; overlay_alpha=\u00a0\u00bb50&Prime; gutter_size=\u00a0\u00bb3&Prime; column_width_percent=\u00a0\u00bb100&Prime; shift_y=\u00a0\u00bb0&Prime; z_index=\u00a0\u00bb0&Prime;][vc_column column_width_percent=\u00a0\u00bb100&Prime; position_vertical=\u00a0\u00bbmiddle\u00a0\u00bb gutter_size=\u00a0\u00bb3&Prime; back_color=\u00a0\u00bbcolor-543384&Prime; overlay_alpha=\u00a0\u00bb50&Prime; shift_x=\u00a0\u00bb0&Prime; shift_y=\u00a0\u00bb0&Prime; shift_y_down=\u00a0\u00bb0&Prime; z_index=\u00a0\u00bb0&Prime; medium_width=\u00a0\u00bb0&Prime; mobile_width=\u00a0\u00bb0&Prime; width=\u00a0\u00bb1\/1&Prime;][vc_custom_heading text_font=\u00a0\u00bbfont-133320&Prime; text_size=\u00a0\u00bbh4&Prime; text_weight=\u00a0\u00bb300&Prime; text_transform=\u00a0\u00bbuppercase\u00a0\u00bb text_space=\u00a0\u00bbfontspace-112111&Prime; text_color=\u00a0\u00bbcolor-821730&Prime; sub_lead=\u00a0\u00bbyes\u00a0\u00bb sub_reduced=\u00a0\u00bbyes\u00a0\u00bb]Voir les autres galeries photos d\u2019art par Florence Boisson[\/vc_custom_heading][uncode_index el_id=\u00a0\u00bbindex-170854&Prime; index_type=\u00a0\u00bbcarousel\u00a0\u00bb loop=\u00a0\u00bbsize:10|order_by:date|post_type:portfolio|tax_query:42&Prime; carousel_lg=\u00a0\u00bb5&Prime; carousel_md=\u00a0\u00bb3&Prime; carousel_sm=\u00a0\u00bb1&Prime; thumb_size=\u00a0\u00bbone-one\u00a0\u00bb gutter_size=\u00a0\u00bb3&Prime; post_items=\u00a0\u00bbmedia|featured|onpost|original,title\u00a0\u00bb portfolio_items=\u00a0\u00bbtitle,media|featured|onpost|original,type,text|excerpt\u00a0\u00bb carousel_height=\u00a0\u00bbequal\u00a0\u00bb carousel_interval=\u00a0\u00bb3000&Prime; carousel_navspeed=\u00a0\u00bb400&Prime; stage_padding=\u00a0\u00bb0&Prime; single_text=\u00a0\u00bboverlay\u00a0\u00bb single_overlay_opacity=\u00a0\u00bb50&Prime; single_h_align=\u00a0\u00bbcenter\u00a0\u00bb single_h_position=\u00a0\u00bbcenter\u00a0\u00bb single_padding=\u00a0\u00bb2&Prime; single_title_family=\u00a0\u00bbfont-133320&Prime; lbox_title=\u00a0\u00bbyes\u00a0\u00bb][\/vc_column][\/vc_row]<\/p>\n<\/div>","protected":false},"excerpt":{"rendered":"<p>[vc_row row_height_percent=\u00a0\u00bb0&Prime; overlay_alpha=\u00a0\u00bb50&Prime; equal_height=\u00a0\u00bbyes\u00a0\u00bb gutter_size=\u00a0\u00bb3&Prime; column_width_percent=\u00a0\u00bb100&Prime; shift_y=\u00a0\u00bb0&Prime; z_index=\u00a0\u00bb0&Prime;][vc_column width=\u00a0\u00bb2\/3&Prime;][vc_single_image media=\u00a0\u00bb3657&Prime; media_width_percent=\u00a0\u00bb100&Prime;][\/vc_column][vc_column column_width_percent=\u00a0\u00bb100&Prime; gutter_size=\u00a0\u00bb1&Prime; style=\u00a0\u00bblight\u00a0\u00bb font_family=\u00a0\u00bbfont-278847&Prime; back_color=\u00a0\u00bbcolor-543384&Prime; overlay_alpha=\u00a0\u00bb50&Prime; shift_x=\u00a0\u00bb0&Prime; shift_y=\u00a0\u00bb0&Prime; shift_y_down=\u00a0\u00bb0&Prime; [&hellip;]<\/p>\n","protected":false},"author":1,"featured_media":3900,"parent":0,"menu_order":0,"comment_status":"closed","ping_status":"closed","template":"","meta":{"_monsterinsights_skip_tracking":false,"_monsterinsights_sitenote_active":false,"_monsterinsights_sitenote_note":"","_monsterinsights_sitenote_category":0,"footnotes":""},"portfolio_category":[],"class_list":["post-3653","portfolio","type-portfolio","status-publish","has-post-thumbnail","hentry"],"yoast_head":"<!-- This site is optimized with the Yoast SEO plugin v25.9 - https:\/\/yoast.com\/wordpress\/plugins\/seo\/ -->\n<title>FLORENCE BOISSON, Artiste photographe, Galerie photos d\u2019art Rencontre avec le vent, 2 voiles<\/title>\n<meta name=\"description\" content=\"D\u00e9couvrez la galerie photos d\u2019art rencontre avec le vent, 2 voiles noir et blanc. La photographe et mod\u00e8le, Florence Boisson propose une photo d\u2019art moderne, contemporaine, consacr\u00e9e \u00e0 la femme, \u00e0 la nature, \u00e0 la danse et \u00e0 l\u2019expression corporelle. Dans cette galerie de photographies artistiques de femme en couleur, plongez dans l\u2019univers de l\u2019artiste photographe Florence boisson et d\u00e9couvrez une \u0153uvre photo artistique d\u00e9di\u00e9e au corps, au mouvement, \u00e0 l\u2019expression des sens et de la sensibilit\u00e9 \u00e0 fleur de peau, une collection de photos artistiques hommage aux travaux d\u2019Isadora Duncan et Lo\u00efse Fuller, une photographie d\u2019art qui magnifie le voile et les pliss\u00e9s pour rendre visible l\u2019invisible et exprimer les sentiments les plus intimes de la cr\u00e9ation artistique. La s\u00e9rie photos de femme rencontre avec le vent 2 voiles a \u00e9t\u00e9 r\u00e9alis\u00e9e pr\u00e8s de Fontainebleau par Florence Boisson artiste et photographe. Plongez dans une photographie artistique et des textes \u00e0 explorer et parcourir dans mod\u00e9ration\" \/>\n<meta name=\"robots\" content=\"index, follow, max-snippet:-1, max-image-preview:large, max-video-preview:-1\" \/>\n<link rel=\"canonical\" href=\"https:\/\/florence-boisson.fr\/artiste-photographe-photo-photographie-d-art-femme-expression-corporelle\/galeries\/galerie-photos-artistiques-rencontre-avec-le-vent-voiles-noir-et-blanc\/\" \/>\n<meta property=\"og:locale\" content=\"fr_FR\" \/>\n<meta property=\"og:type\" content=\"article\" \/>\n<meta property=\"og:title\" content=\"FLORENCE BOISSON, Artiste photographe, Galerie photos d\u2019art Rencontre avec le vent, 2 voiles\" \/>\n<meta property=\"og:description\" content=\"D\u00e9couvrez la galerie photos d\u2019art rencontre avec le vent, 2 voiles noir et blanc. La photographe et mod\u00e8le, Florence Boisson propose une photo d\u2019art moderne, contemporaine, consacr\u00e9e \u00e0 la femme, \u00e0 la nature, \u00e0 la danse et \u00e0 l\u2019expression corporelle. Dans cette galerie de photographies artistiques de femme en couleur, plongez dans l\u2019univers de l\u2019artiste photographe Florence boisson et d\u00e9couvrez une \u0153uvre photo artistique d\u00e9di\u00e9e au corps, au mouvement, \u00e0 l\u2019expression des sens et de la sensibilit\u00e9 \u00e0 fleur de peau, une collection de photos artistiques hommage aux travaux d\u2019Isadora Duncan et Lo\u00efse Fuller, une photographie d\u2019art qui magnifie le voile et les pliss\u00e9s pour rendre visible l\u2019invisible et exprimer les sentiments les plus intimes de la cr\u00e9ation artistique. La s\u00e9rie photos de femme rencontre avec le vent 2 voiles a \u00e9t\u00e9 r\u00e9alis\u00e9e pr\u00e8s de Fontainebleau par Florence Boisson artiste et photographe. Plongez dans une photographie artistique et des textes \u00e0 explorer et parcourir dans mod\u00e9ration\" \/>\n<meta property=\"og:url\" content=\"https:\/\/florence-boisson.fr\/artiste-photographe-photo-photographie-d-art-femme-expression-corporelle\/galeries\/galerie-photos-artistiques-rencontre-avec-le-vent-voiles-noir-et-blanc\/\" \/>\n<meta property=\"og:site_name\" content=\"Florence Boisson\" \/>\n<meta property=\"article:modified_time\" content=\"2021-01-11T09:32:56+00:00\" \/>\n<meta property=\"og:image\" content=\"https:\/\/www.florence-boisson.fr\/wp-content\/uploads\/2019\/12\/Florence-Boisson-galerie-rencontre-avec-le-vent-voile-NB-010-bis.jpg\" \/>\n\t<meta property=\"og:image:width\" content=\"1266\" \/>\n\t<meta property=\"og:image:height\" content=\"1298\" \/>\n\t<meta property=\"og:image:type\" content=\"image\/jpeg\" \/>\n<meta name=\"twitter:card\" content=\"summary_large_image\" \/>\n<meta name=\"twitter:label1\" content=\"Dur\u00e9e de lecture estim\u00e9e\" \/>\n\t<meta name=\"twitter:data1\" content=\"2 minutes\" \/>\n<script type=\"application\/ld+json\" class=\"yoast-schema-graph\">{\"@context\":\"https:\/\/schema.org\",\"@graph\":[{\"@type\":\"WebPage\",\"@id\":\"https:\/\/florence-boisson.fr\/artiste-photographe-photo-photographie-d-art-femme-expression-corporelle\/galeries\/galerie-photos-artistiques-rencontre-avec-le-vent-voiles-noir-et-blanc\/\",\"url\":\"https:\/\/florence-boisson.fr\/artiste-photographe-photo-photographie-d-art-femme-expression-corporelle\/galeries\/galerie-photos-artistiques-rencontre-avec-le-vent-voiles-noir-et-blanc\/\",\"name\":\"FLORENCE BOISSON, Artiste photographe, Galerie photos d\u2019art Rencontre avec le vent, 2 voiles\",\"isPartOf\":{\"@id\":\"https:\/\/florence-boisson.fr\/artiste-photographe-photo-photographie-d-art-femme-expression-corporelle\/#website\"},\"primaryImageOfPage\":{\"@id\":\"https:\/\/florence-boisson.fr\/artiste-photographe-photo-photographie-d-art-femme-expression-corporelle\/galeries\/galerie-photos-artistiques-rencontre-avec-le-vent-voiles-noir-et-blanc\/#primaryimage\"},\"image\":{\"@id\":\"https:\/\/florence-boisson.fr\/artiste-photographe-photo-photographie-d-art-femme-expression-corporelle\/galeries\/galerie-photos-artistiques-rencontre-avec-le-vent-voiles-noir-et-blanc\/#primaryimage\"},\"thumbnailUrl\":\"https:\/\/www.florence-boisson.fr\/wp-content\/uploads\/2019\/12\/Florence-Boisson-galerie-rencontre-avec-le-vent-voile-NB-010-bis.jpg\",\"datePublished\":\"2019-12-24T17:39:27+00:00\",\"dateModified\":\"2021-01-11T09:32:56+00:00\",\"description\":\"D\u00e9couvrez la galerie photos d\u2019art rencontre avec le vent, 2 voiles noir et blanc. La photographe et mod\u00e8le, Florence Boisson propose une photo d\u2019art moderne, contemporaine, consacr\u00e9e \u00e0 la femme, \u00e0 la nature, \u00e0 la danse et \u00e0 l\u2019expression corporelle. Dans cette galerie de photographies artistiques de femme en couleur, plongez dans l\u2019univers de l\u2019artiste photographe Florence boisson et d\u00e9couvrez une \u0153uvre photo artistique d\u00e9di\u00e9e au corps, au mouvement, \u00e0 l\u2019expression des sens et de la sensibilit\u00e9 \u00e0 fleur de peau, une collection de photos artistiques hommage aux travaux d\u2019Isadora Duncan et Lo\u00efse Fuller, une photographie d\u2019art qui magnifie le voile et les pliss\u00e9s pour rendre visible l\u2019invisible et exprimer les sentiments les plus intimes de la cr\u00e9ation artistique. La s\u00e9rie photos de femme rencontre avec le vent 2 voiles a \u00e9t\u00e9 r\u00e9alis\u00e9e pr\u00e8s de Fontainebleau par Florence Boisson artiste et photographe. Plongez dans une photographie artistique et des textes \u00e0 explorer et parcourir dans mod\u00e9ration\",\"breadcrumb\":{\"@id\":\"https:\/\/florence-boisson.fr\/artiste-photographe-photo-photographie-d-art-femme-expression-corporelle\/galeries\/galerie-photos-artistiques-rencontre-avec-le-vent-voiles-noir-et-blanc\/#breadcrumb\"},\"inLanguage\":\"fr-FR\",\"potentialAction\":[{\"@type\":\"ReadAction\",\"target\":[\"https:\/\/florence-boisson.fr\/artiste-photographe-photo-photographie-d-art-femme-expression-corporelle\/galeries\/galerie-photos-artistiques-rencontre-avec-le-vent-voiles-noir-et-blanc\/\"]}]},{\"@type\":\"ImageObject\",\"inLanguage\":\"fr-FR\",\"@id\":\"https:\/\/florence-boisson.fr\/artiste-photographe-photo-photographie-d-art-femme-expression-corporelle\/galeries\/galerie-photos-artistiques-rencontre-avec-le-vent-voiles-noir-et-blanc\/#primaryimage\",\"url\":\"https:\/\/www.florence-boisson.fr\/wp-content\/uploads\/2019\/12\/Florence-Boisson-galerie-rencontre-avec-le-vent-voile-NB-010-bis.jpg\",\"contentUrl\":\"https:\/\/www.florence-boisson.fr\/wp-content\/uploads\/2019\/12\/Florence-Boisson-galerie-rencontre-avec-le-vent-voile-NB-010-bis.jpg\",\"width\":1266,\"height\":1298,\"caption\":\"Collection photographie d\u2019art artistique rencontre avec le vent 2 voiles, collection photographies d\u2019art artistiques noir et blanc rencontre avec le vent, galerie s\u00e9rie photo d\u2019art artistique rencontre avec le vent 2 voiles sign\u00e9e Florence boisson, artiste photographe, florence boisson photographe et mod\u00e8le, photographie femme, photographie paysage nature, photo expression corporelle et danse, Florence Boisson photo du corps et du mouvement, photo de l\u2019invisible de la sensibilit\u00e9, photographie voile hommage \u00e0 Isadora Duncan Lo\u00efse Fuller, photographies champ r\u00e9gion de Fontainebleau, Photo art moderne et contemporain Florence Boisson, Photo d\u2019art femme Photos d\u2019art contemporaines et modernes, photo art femme, Florence Boisson photographe artiste\"},{\"@type\":\"BreadcrumbList\",\"@id\":\"https:\/\/florence-boisson.fr\/artiste-photographe-photo-photographie-d-art-femme-expression-corporelle\/galeries\/galerie-photos-artistiques-rencontre-avec-le-vent-voiles-noir-et-blanc\/#breadcrumb\",\"itemListElement\":[{\"@type\":\"ListItem\",\"position\":1,\"name\":\"Accueil\",\"item\":\"https:\/\/florence-boisson.fr\/artiste-photographe-photo-photographie-d-art-femme-expression-corporelle\/\"},{\"@type\":\"ListItem\",\"position\":2,\"name\":\"Galeries\",\"item\":\"https:\/\/florence-boisson.fr\/artiste-photographe-photo-photographie-d-art-femme-expression-corporelle\/galeries\/\"},{\"@type\":\"ListItem\",\"position\":3,\"name\":\"Rencontre avec le vent (2 voiles)\"}]},{\"@type\":\"WebSite\",\"@id\":\"https:\/\/florence-boisson.fr\/artiste-photographe-photo-photographie-d-art-femme-expression-corporelle\/#website\",\"url\":\"https:\/\/florence-boisson.fr\/artiste-photographe-photo-photographie-d-art-femme-expression-corporelle\/\",\"name\":\"Florence Boisson\",\"description\":\"Artiste photographe\",\"potentialAction\":[{\"@type\":\"SearchAction\",\"target\":{\"@type\":\"EntryPoint\",\"urlTemplate\":\"https:\/\/florence-boisson.fr\/artiste-photographe-photo-photographie-d-art-femme-expression-corporelle\/?s={search_term_string}\"},\"query-input\":{\"@type\":\"PropertyValueSpecification\",\"valueRequired\":true,\"valueName\":\"search_term_string\"}}],\"inLanguage\":\"fr-FR\"}]}<\/script>\n<!-- \/ Yoast SEO plugin. -->","yoast_head_json":{"title":"FLORENCE BOISSON, Artiste photographe, Galerie photos d\u2019art Rencontre avec le vent, 2 voiles","description":"D\u00e9couvrez la galerie photos d\u2019art rencontre avec le vent, 2 voiles noir et blanc. La photographe et mod\u00e8le, Florence Boisson propose une photo d\u2019art moderne, contemporaine, consacr\u00e9e \u00e0 la femme, \u00e0 la nature, \u00e0 la danse et \u00e0 l\u2019expression corporelle. Dans cette galerie de photographies artistiques de femme en couleur, plongez dans l\u2019univers de l\u2019artiste photographe Florence boisson et d\u00e9couvrez une \u0153uvre photo artistique d\u00e9di\u00e9e au corps, au mouvement, \u00e0 l\u2019expression des sens et de la sensibilit\u00e9 \u00e0 fleur de peau, une collection de photos artistiques hommage aux travaux d\u2019Isadora Duncan et Lo\u00efse Fuller, une photographie d\u2019art qui magnifie le voile et les pliss\u00e9s pour rendre visible l\u2019invisible et exprimer les sentiments les plus intimes de la cr\u00e9ation artistique. La s\u00e9rie photos de femme rencontre avec le vent 2 voiles a \u00e9t\u00e9 r\u00e9alis\u00e9e pr\u00e8s de Fontainebleau par Florence Boisson artiste et photographe. Plongez dans une photographie artistique et des textes \u00e0 explorer et parcourir dans mod\u00e9ration","robots":{"index":"index","follow":"follow","max-snippet":"max-snippet:-1","max-image-preview":"max-image-preview:large","max-video-preview":"max-video-preview:-1"},"canonical":"https:\/\/florence-boisson.fr\/artiste-photographe-photo-photographie-d-art-femme-expression-corporelle\/galeries\/galerie-photos-artistiques-rencontre-avec-le-vent-voiles-noir-et-blanc\/","og_locale":"fr_FR","og_type":"article","og_title":"FLORENCE BOISSON, Artiste photographe, Galerie photos d\u2019art Rencontre avec le vent, 2 voiles","og_description":"D\u00e9couvrez la galerie photos d\u2019art rencontre avec le vent, 2 voiles noir et blanc. La photographe et mod\u00e8le, Florence Boisson propose une photo d\u2019art moderne, contemporaine, consacr\u00e9e \u00e0 la femme, \u00e0 la nature, \u00e0 la danse et \u00e0 l\u2019expression corporelle. Dans cette galerie de photographies artistiques de femme en couleur, plongez dans l\u2019univers de l\u2019artiste photographe Florence boisson et d\u00e9couvrez une \u0153uvre photo artistique d\u00e9di\u00e9e au corps, au mouvement, \u00e0 l\u2019expression des sens et de la sensibilit\u00e9 \u00e0 fleur de peau, une collection de photos artistiques hommage aux travaux d\u2019Isadora Duncan et Lo\u00efse Fuller, une photographie d\u2019art qui magnifie le voile et les pliss\u00e9s pour rendre visible l\u2019invisible et exprimer les sentiments les plus intimes de la cr\u00e9ation artistique. La s\u00e9rie photos de femme rencontre avec le vent 2 voiles a \u00e9t\u00e9 r\u00e9alis\u00e9e pr\u00e8s de Fontainebleau par Florence Boisson artiste et photographe. Plongez dans une photographie artistique et des textes \u00e0 explorer et parcourir dans mod\u00e9ration","og_url":"https:\/\/florence-boisson.fr\/artiste-photographe-photo-photographie-d-art-femme-expression-corporelle\/galeries\/galerie-photos-artistiques-rencontre-avec-le-vent-voiles-noir-et-blanc\/","og_site_name":"Florence Boisson","article_modified_time":"2021-01-11T09:32:56+00:00","og_image":[{"width":1266,"height":1298,"url":"https:\/\/www.florence-boisson.fr\/wp-content\/uploads\/2019\/12\/Florence-Boisson-galerie-rencontre-avec-le-vent-voile-NB-010-bis.jpg","type":"image\/jpeg"}],"twitter_card":"summary_large_image","twitter_misc":{"Dur\u00e9e de lecture estim\u00e9e":"2 minutes"},"schema":{"@context":"https:\/\/schema.org","@graph":[{"@type":"WebPage","@id":"https:\/\/florence-boisson.fr\/artiste-photographe-photo-photographie-d-art-femme-expression-corporelle\/galeries\/galerie-photos-artistiques-rencontre-avec-le-vent-voiles-noir-et-blanc\/","url":"https:\/\/florence-boisson.fr\/artiste-photographe-photo-photographie-d-art-femme-expression-corporelle\/galeries\/galerie-photos-artistiques-rencontre-avec-le-vent-voiles-noir-et-blanc\/","name":"FLORENCE BOISSON, Artiste photographe, Galerie photos d\u2019art Rencontre avec le vent, 2 voiles","isPartOf":{"@id":"https:\/\/florence-boisson.fr\/artiste-photographe-photo-photographie-d-art-femme-expression-corporelle\/#website"},"primaryImageOfPage":{"@id":"https:\/\/florence-boisson.fr\/artiste-photographe-photo-photographie-d-art-femme-expression-corporelle\/galeries\/galerie-photos-artistiques-rencontre-avec-le-vent-voiles-noir-et-blanc\/#primaryimage"},"image":{"@id":"https:\/\/florence-boisson.fr\/artiste-photographe-photo-photographie-d-art-femme-expression-corporelle\/galeries\/galerie-photos-artistiques-rencontre-avec-le-vent-voiles-noir-et-blanc\/#primaryimage"},"thumbnailUrl":"https:\/\/www.florence-boisson.fr\/wp-content\/uploads\/2019\/12\/Florence-Boisson-galerie-rencontre-avec-le-vent-voile-NB-010-bis.jpg","datePublished":"2019-12-24T17:39:27+00:00","dateModified":"2021-01-11T09:32:56+00:00","description":"D\u00e9couvrez la galerie photos d\u2019art rencontre avec le vent, 2 voiles noir et blanc. La photographe et mod\u00e8le, Florence Boisson propose une photo d\u2019art moderne, contemporaine, consacr\u00e9e \u00e0 la femme, \u00e0 la nature, \u00e0 la danse et \u00e0 l\u2019expression corporelle. Dans cette galerie de photographies artistiques de femme en couleur, plongez dans l\u2019univers de l\u2019artiste photographe Florence boisson et d\u00e9couvrez une \u0153uvre photo artistique d\u00e9di\u00e9e au corps, au mouvement, \u00e0 l\u2019expression des sens et de la sensibilit\u00e9 \u00e0 fleur de peau, une collection de photos artistiques hommage aux travaux d\u2019Isadora Duncan et Lo\u00efse Fuller, une photographie d\u2019art qui magnifie le voile et les pliss\u00e9s pour rendre visible l\u2019invisible et exprimer les sentiments les plus intimes de la cr\u00e9ation artistique. La s\u00e9rie photos de femme rencontre avec le vent 2 voiles a \u00e9t\u00e9 r\u00e9alis\u00e9e pr\u00e8s de Fontainebleau par Florence Boisson artiste et photographe. Plongez dans une photographie artistique et des textes \u00e0 explorer et parcourir dans mod\u00e9ration","breadcrumb":{"@id":"https:\/\/florence-boisson.fr\/artiste-photographe-photo-photographie-d-art-femme-expression-corporelle\/galeries\/galerie-photos-artistiques-rencontre-avec-le-vent-voiles-noir-et-blanc\/#breadcrumb"},"inLanguage":"fr-FR","potentialAction":[{"@type":"ReadAction","target":["https:\/\/florence-boisson.fr\/artiste-photographe-photo-photographie-d-art-femme-expression-corporelle\/galeries\/galerie-photos-artistiques-rencontre-avec-le-vent-voiles-noir-et-blanc\/"]}]},{"@type":"ImageObject","inLanguage":"fr-FR","@id":"https:\/\/florence-boisson.fr\/artiste-photographe-photo-photographie-d-art-femme-expression-corporelle\/galeries\/galerie-photos-artistiques-rencontre-avec-le-vent-voiles-noir-et-blanc\/#primaryimage","url":"https:\/\/www.florence-boisson.fr\/wp-content\/uploads\/2019\/12\/Florence-Boisson-galerie-rencontre-avec-le-vent-voile-NB-010-bis.jpg","contentUrl":"https:\/\/www.florence-boisson.fr\/wp-content\/uploads\/2019\/12\/Florence-Boisson-galerie-rencontre-avec-le-vent-voile-NB-010-bis.jpg","width":1266,"height":1298,"caption":"Collection photographie d\u2019art artistique rencontre avec le vent 2 voiles, collection photographies d\u2019art artistiques noir et blanc rencontre avec le vent, galerie s\u00e9rie photo d\u2019art artistique rencontre avec le vent 2 voiles sign\u00e9e Florence boisson, artiste photographe, florence boisson photographe et mod\u00e8le, photographie femme, photographie paysage nature, photo expression corporelle et danse, Florence Boisson photo du corps et du mouvement, photo de l\u2019invisible de la sensibilit\u00e9, photographie voile hommage \u00e0 Isadora Duncan Lo\u00efse Fuller, photographies champ r\u00e9gion de Fontainebleau, Photo art moderne et contemporain Florence Boisson, Photo d\u2019art femme Photos d\u2019art contemporaines et modernes, photo art femme, Florence Boisson photographe artiste"},{"@type":"BreadcrumbList","@id":"https:\/\/florence-boisson.fr\/artiste-photographe-photo-photographie-d-art-femme-expression-corporelle\/galeries\/galerie-photos-artistiques-rencontre-avec-le-vent-voiles-noir-et-blanc\/#breadcrumb","itemListElement":[{"@type":"ListItem","position":1,"name":"Accueil","item":"https:\/\/florence-boisson.fr\/artiste-photographe-photo-photographie-d-art-femme-expression-corporelle\/"},{"@type":"ListItem","position":2,"name":"Galeries","item":"https:\/\/florence-boisson.fr\/artiste-photographe-photo-photographie-d-art-femme-expression-corporelle\/galeries\/"},{"@type":"ListItem","position":3,"name":"Rencontre avec le vent (2 voiles)"}]},{"@type":"WebSite","@id":"https:\/\/florence-boisson.fr\/artiste-photographe-photo-photographie-d-art-femme-expression-corporelle\/#website","url":"https:\/\/florence-boisson.fr\/artiste-photographe-photo-photographie-d-art-femme-expression-corporelle\/","name":"Florence Boisson","description":"Artiste photographe","potentialAction":[{"@type":"SearchAction","target":{"@type":"EntryPoint","urlTemplate":"https:\/\/florence-boisson.fr\/artiste-photographe-photo-photographie-d-art-femme-expression-corporelle\/?s={search_term_string}"},"query-input":{"@type":"PropertyValueSpecification","valueRequired":true,"valueName":"search_term_string"}}],"inLanguage":"fr-FR"}]}},"_links":{"self":[{"href":"https:\/\/florence-boisson.fr\/artiste-photographe-photo-photographie-d-art-femme-expression-corporelle\/wp-json\/wp\/v2\/portfolio\/3653","targetHints":{"allow":["GET"]}}],"collection":[{"href":"https:\/\/florence-boisson.fr\/artiste-photographe-photo-photographie-d-art-femme-expression-corporelle\/wp-json\/wp\/v2\/portfolio"}],"about":[{"href":"https:\/\/florence-boisson.fr\/artiste-photographe-photo-photographie-d-art-femme-expression-corporelle\/wp-json\/wp\/v2\/types\/portfolio"}],"author":[{"embeddable":true,"href":"https:\/\/florence-boisson.fr\/artiste-photographe-photo-photographie-d-art-femme-expression-corporelle\/wp-json\/wp\/v2\/users\/1"}],"replies":[{"embeddable":true,"href":"https:\/\/florence-boisson.fr\/artiste-photographe-photo-photographie-d-art-femme-expression-corporelle\/wp-json\/wp\/v2\/comments?post=3653"}],"version-history":[{"count":20,"href":"https:\/\/florence-boisson.fr\/artiste-photographe-photo-photographie-d-art-femme-expression-corporelle\/wp-json\/wp\/v2\/portfolio\/3653\/revisions"}],"predecessor-version":[{"id":4091,"href":"https:\/\/florence-boisson.fr\/artiste-photographe-photo-photographie-d-art-femme-expression-corporelle\/wp-json\/wp\/v2\/portfolio\/3653\/revisions\/4091"}],"wp:featuredmedia":[{"embeddable":true,"href":"https:\/\/florence-boisson.fr\/artiste-photographe-photo-photographie-d-art-femme-expression-corporelle\/wp-json\/wp\/v2\/media\/3900"}],"wp:attachment":[{"href":"https:\/\/florence-boisson.fr\/artiste-photographe-photo-photographie-d-art-femme-expression-corporelle\/wp-json\/wp\/v2\/media?parent=3653"}],"wp:term":[{"taxonomy":"portfolio_category","embeddable":true,"href":"https:\/\/florence-boisson.fr\/artiste-photographe-photo-photographie-d-art-femme-expression-corporelle\/wp-json\/wp\/v2\/portfolio_category?post=3653"}],"curies":[{"name":"wp","href":"https:\/\/api.w.org\/{rel}","templated":true}]}}